{"id":651,"date":"2013-05-03T10:18:29","date_gmt":"2013-05-03T10:18:29","guid":{"rendered":"http:\/\/jajofo.de\/wordpress\/?page_id=651"},"modified":"2013-05-03T10:18:29","modified_gmt":"2013-05-03T10:18:29","slug":"strickmutzen","status":"publish","type":"page","link":"https:\/\/jajofo.de\/wordpress\/strickmutzen\/","title":{"rendered":"Strickm\u00fctzen"},"content":{"rendered":"<h3 itemprop=\"name\">Die verschiedenen M\u00fctzentypen auf einen Blick<\/h3>\n<div><\/div>\n<div>Hier werden alle meine verschiedenen M\u00fctzentypen mit Bild, Namen und ein paar kurzen Infos aufgelistet.<\/div>\n<p><b><span style=\"text-decoration: underline;\">Alle M\u00fctzen werden auch verschickt mit 5,-\u20ac Porto und Verpackung <\/span><\/b><\/p>\n<div><span style=\"text-decoration: underline;\"><b>Basic<\/b><\/span><\/div>\n<div><a href=\"http:\/\/1.bp.blogspot.com\/-pscOX3PXnTg\/TuJ69HM0Z6I\/AAAAAAAAEK8\/yxQ0ztRrirY\/s1600\/M%25C3%25BCtze+22+Trappeur+creme+2r1l+1.jpg\"><img loading=\"lazy\" alt=\"\" src=\"http:\/\/1.bp.blogspot.com\/-pscOX3PXnTg\/TuJ69HM0Z6I\/AAAAAAAAEK8\/yxQ0ztRrirY\/s320\/M%25C3%25BCtze+22+Trappeur+creme+2r1l+1.jpg\" width=\"242\" height=\"320\" border=\"0\" \/><\/a><\/div>\n<div><\/div>\n<div>Einfache, schlichte, zeitlose M\u00fctze. Verschiedene Farben und Materialien verf\u00fcgbar.<\/div>\n<div>Preis 18\u20ac <span style=\"text-decoration: underline;\"><b><br \/>\n<\/b><\/span><\/div>\n<div><span style=\"text-decoration: underline;\"><b><br \/>\n<\/b><\/span><br \/>\n<span style=\"text-decoration: underline;\"><b>Beret<\/b><\/span><\/p>\n<div><\/div>\n<div><a href=\"http:\/\/1.bp.blogspot.com\/-xNAjqMQ87l8\/TyUhCGru3LI\/AAAAAAAAEZg\/qXlp9Paw1r0\/s1600\/M%25C3%25BCtze+Beret+1+ZoomBaroque+2.jpg\"><img loading=\"lazy\" alt=\"\" src=\"http:\/\/1.bp.blogspot.com\/-xNAjqMQ87l8\/TyUhCGru3LI\/AAAAAAAAEZg\/qXlp9Paw1r0\/s320\/M%25C3%25BCtze+Beret+1+ZoomBaroque+2.jpg\" width=\"238\" height=\"320\" border=\"0\" \/><\/a><\/div>\n<div>Diese Beret besteht wie der Tychus aus mehreren Segmenten und hat vertikale Streifen. Verf\u00fcgbar in verschiedenen Farben, ein- oder mehrfarbig, mit Streifen. W\u00e4hlbar mit einer Hauptfarbe und ein oder mehreren Zusatzfarben.<\/div>\n<div>Preis: 25-30\u20ac<span style=\"text-decoration: underline;\"><b><br \/>\n<\/b><\/span><\/div>\n<p><span style=\"text-decoration: underline;\"><b><br \/>\n<\/b><\/span><\/div>\n<div><span style=\"text-decoration: underline;\"><b>B\u00fcndchen<\/b><\/span><\/div>\n<div><a href=\"http:\/\/4.bp.blogspot.com\/-PyZuiKB4xIc\/TuJ7Y_mxmyI\/AAAAAAAAEME\/qa5S-pc6BPE\/s1600\/M%25C3%25BCtze+16+Versatile+regenbogen+2.jpg\"><img loading=\"lazy\" alt=\"\" src=\"http:\/\/4.bp.blogspot.com\/-PyZuiKB4xIc\/TuJ7Y_mxmyI\/AAAAAAAAEME\/qa5S-pc6BPE\/s320\/M%25C3%25BCtze+16+Versatile+regenbogen+2.jpg\" width=\"300\" height=\"320\" border=\"0\" \/><\/a><\/div>\n<div>Einfache, schlichte M\u00fctze mit geripptem Bund. Auch hier verschiedene Farben und Materialien m\u00f6glich. Zudem auch mit verschiedenfarbigem Bund m\u00f6glich.<\/div>\n<div>Preis 18\u20ac<span style=\"text-decoration: underline;\"><b><br \/>\n<\/b><\/span><\/div>\n<div><span style=\"text-decoration: underline;\"><b><br \/>\n<\/b><\/span><\/div>\n<div><span style=\"text-decoration: underline;\"><b>Mohawk<\/b><\/span><\/div>\n<div>in Arbeit<\/div>\n<div>\u00a0<span style=\"text-decoration: underline;\"><b><br \/>\n<\/b><\/span><\/div>\n<div><span style=\"text-decoration: underline;\"><b>Rollrand<\/b><\/span><\/div>\n<div>\n<div><a href=\"http:\/\/2.bp.blogspot.com\/-GpfbLHhcbrc\/TyURTxRTE1I\/AAAAAAAAEXw\/lon-04kJE7A\/s1600\/M%25C3%25BCtze+Rollrand+1+Farbstreifen+1.jpg\"><img loading=\"lazy\" alt=\"\" src=\"http:\/\/2.bp.blogspot.com\/-GpfbLHhcbrc\/TyURTxRTE1I\/AAAAAAAAEXw\/lon-04kJE7A\/s320\/M%25C3%25BCtze+Rollrand+1+Farbstreifen+1.jpg\" width=\"247\" height=\"320\" border=\"0\" \/><\/a><\/div>\n<div>Das besondere an dieser M\u00fctze ist, wie der Name schon sagt, der aufgerollte Rand. Die M\u00fctzen sind meist eher kugelf\u00f6rmig. M\u00f6glich in allen Farbvarianten, mit Streifen, einfarbig und mit verschiedenen Wolltypen (Effektwolle, normale Wolle, etc.)<\/div>\n<p>Preis 20-24\u20ac<\/p><\/div>\n<div><\/div>\n<div><span style=\"text-decoration: underline;\"><b>Runner&#8217;s Beanie<\/b><\/span><\/div>\n<div>\n<div><a href=\"http:\/\/4.bp.blogspot.com\/-5AIC69bQ32I\/TyURcxT2giI\/AAAAAAAAEYs\/gFbZuiCWjec\/s1600\/M%25C3%25BCtze+Rollrand+4+SommerBeanie+Notus+3.jpg\"><img loading=\"lazy\" alt=\"\" src=\"http:\/\/4.bp.blogspot.com\/-5AIC69bQ32I\/TyURcxT2giI\/AAAAAAAAEYs\/gFbZuiCWjec\/s320\/M%25C3%25BCtze+Rollrand+4+SommerBeanie+Notus+3.jpg\" width=\"260\" height=\"320\" border=\"0\" \/><\/a><\/div>\n<div>Die Runner&#8217;s Beanie ist eine Unterkategorie der Rollrandm\u00fctze mit dem Unterschieds das diese aus Baumwolle gestrickt ist und sie nicht so lang ist. Hinweis: die Ohren werden nicht bedeckt. Wie bei der Rollrand auch hier in verschiedenen nFarben m\u00f6glich, mit Streifen oder einfarbig.<\/div>\n<p>Preis : 20-24\u20ac<\/p><\/div>\n<div><span style=\"text-decoration: underline;\"><b><br \/>\n<\/b><\/span><\/div>\n<div><span style=\"text-decoration: underline;\"><b>Tam<\/b><\/span><\/div>\n<div><a href=\"http:\/\/4.bp.blogspot.com\/-0ZRJXSB_cvw\/Ts665vinIuI\/AAAAAAAAEGg\/JBQ7gp4pToc\/s1600\/M%25C3%25BCtze+7+Ice+Yarn+Merino+2.jpg\"><img loading=\"lazy\" alt=\"\" src=\"http:\/\/4.bp.blogspot.com\/-0ZRJXSB_cvw\/Ts665vinIuI\/AAAAAAAAEGg\/JBQ7gp4pToc\/s320\/M%25C3%25BCtze+7+Ice+Yarn+Merino+2.jpg\" width=\"267\" height=\"320\" border=\"0\" \/><\/a><\/div>\n<div>\n<div>M\u00fctze mit viel Platz z.B. f\u00fcr Dreads. Kann auch mit kurzen Haaren oder wie auf dem Bild zu sehen getragen werden. Farben und Material nach Wahl.<\/div>\n<p>Preis : 28-35\u20ac<span style=\"text-decoration: underline;\"><b><br \/>\n<\/b><\/span><\/div>\n<div><span style=\"text-decoration: underline;\"><b>Toque<\/b><\/span><\/div>\n<div><a href=\"http:\/\/3.bp.blogspot.com\/-LJ_GUdYxdvc\/Ts7BM13hfPI\/AAAAAAAAEIM\/mVBV3E3GwIg\/s1600\/M%25C3%25BCtze+10+Camaieux+gr%25C3%25BCn+Toque+2.jpg\"><img loading=\"lazy\" alt=\"\" src=\"http:\/\/3.bp.blogspot.com\/-LJ_GUdYxdvc\/Ts7BM13hfPI\/AAAAAAAAEIM\/mVBV3E3GwIg\/s320\/M%25C3%25BCtze+10+Camaieux+gr%25C3%25BCn+Toque+2.jpg\" width=\"284\" height=\"320\" border=\"0\" \/><\/a><\/div>\n<div>Der Toque unterscheidet sich von den &#8220;normalen&#8221; M\u00fctzen durch ein flaches Top. Verf\u00fcgbar mit verschiedenen Bundformen (normal und wie oben mit dem &#8220;Cluny-Bund&#8221;(Spitzbogen-Form)), verschiedenen Farben und Farben und verschiedenen Querrippenvarianten(ohne Rippen, oder mehrere)<br \/>\nPreis 22-24\u20ac<\/div>\n<div><span style=\"text-decoration: underline;\"><b><br \/>\n<\/b><\/span><\/div>\n<div><span style=\"text-decoration: underline;\"><b>Tri-Peak<\/b><\/span><\/div>\n<div><a href=\"http:\/\/2.bp.blogspot.com\/-pZIGNMysxnA\/Tvmonu9D8pI\/AAAAAAAAEPw\/sremLGKHItw\/s1600\/M%25C3%25BCtze+Tri-Peak+1+Notus+lila+2.jpg\"><img loading=\"lazy\" alt=\"\" src=\"http:\/\/2.bp.blogspot.com\/-pZIGNMysxnA\/Tvmonu9D8pI\/AAAAAAAAEPw\/sremLGKHItw\/s320\/M%25C3%25BCtze+Tri-Peak+1+Notus+lila+2.jpg\" width=\"296\" height=\"320\" border=\"0\" \/><\/a><\/div>\n<div>\n<div>Die Tri-Peak zeichnet sich durch die drei Spitzen aus welche nach oben stehen. Auch machbar mit mehr oder weniger Spitzen je nach Geschmack. Wie auch bei allen andern M\u00fctzen verf\u00fcgbar in verschiedenen Farben und Wollen. Die obige ist aus einem Baumwollmix. Verf\u00fcgbar auch mit Rollrand<\/div>\n<div>Preis 25\u20ac<\/div>\n<p><span style=\"text-decoration: underline;\"><b><br \/>\n<\/b><\/span><\/div>\n<div><span style=\"text-decoration: underline;\"><b>UmschlagBund<\/b><\/span><\/div>\n<div>Bild folgt<span style=\"text-decoration: underline;\"><b><br \/>\n<\/b><\/span><\/div>\n<div><span style=\"text-decoration: underline;\"><b><br \/>\n<\/b><\/span><\/div>\n<div><span style=\"text-decoration: underline;\"><b>Tychus<\/b><\/span><\/div>\n<div><a href=\"http:\/\/3.bp.blogspot.com\/-5rd-Js1fip0\/TuJ7Ce0ReuI\/AAAAAAAAELc\/3QSI7uNNS6U\/s1600\/M%25C3%25BCtze+12+Tychus+schwarz+weiss+2.jpg\"><img loading=\"lazy\" alt=\"\" src=\"http:\/\/3.bp.blogspot.com\/-5rd-Js1fip0\/TuJ7Ce0ReuI\/AAAAAAAAELc\/3QSI7uNNS6U\/s320\/M%25C3%25BCtze+12+Tychus+schwarz+weiss+2.jpg\" width=\"281\" height=\"320\" border=\"0\" \/><\/a><\/div>\n<div>\n<div>Der Tychus besteht aus mehreren Segmenten und besteht aus vertikalen Streifen\/Dreiecken. Verf\u00fcgbar in verschieden Farben(einfarbig wie auch zwei- oder mehrfarbig).<\/div>\n<div>Preis 22-24\u20ac je nach Farben und Aufwand.<\/p>\n<p><b><span style=\"text-decoration: underline;\">Alle M\u00fctzen werden auch verschickt mit 5,-\u20ac Porto und Verpackung <\/span><\/b><\/div>\n<\/div>\n","protected":false},"excerpt":{"rendered":"<p>Die verschiedenen M\u00fctzentypen auf einen Blick Hier werden alle meine verschiedenen M\u00fctzentypen mit Bild, Namen und ein paar kurzen Infos aufgelistet. Alle M\u00fctzen werden auch verschickt mit 5,-\u20ac Porto und Verpackung Basic Einfache, schlichte, zeitlose M\u00fctze. Verschiedene Farben und Materialien verf\u00fcgbar. Preis 18\u20ac Beret Diese Beret besteht wie der Tychus aus mehreren Segmenten und hat &hellip; <a href=\"https:\/\/jajofo.de\/wordpress\/strickmutzen\/\" class=\"more-link\"><span class=\"screen-reader-text\">&#8222;Strickm\u00fctzen&#8220; <\/span>weiterlesen<\/a><\/p>\n","protected":false},"author":3,"featured_media":0,"parent":0,"menu_order":0,"comment_status":"closed","ping_status":"open","template":"","meta":{"ngg_post_thumbnail":0},"_links":{"self":[{"href":"https:\/\/jajofo.de\/wordpress\/wp-json\/wp\/v2\/pages\/651"}],"collection":[{"href":"https:\/\/jajofo.de\/wordpress\/wp-json\/wp\/v2\/pages"}],"about":[{"href":"https:\/\/jajofo.de\/wordpress\/wp-json\/wp\/v2\/types\/page"}],"author":[{"embeddable":true,"href":"https:\/\/jajofo.de\/wordpress\/wp-json\/wp\/v2\/users\/3"}],"replies":[{"embeddable":true,"href":"https:\/\/jajofo.de\/wordpress\/wp-json\/wp\/v2\/comments?post=651"}],"version-history":[{"count":1,"href":"https:\/\/jajofo.de\/wordpress\/wp-json\/wp\/v2\/pages\/651\/revisions"}],"predecessor-version":[{"id":652,"href":"https:\/\/jajofo.de\/wordpress\/wp-json\/wp\/v2\/pages\/651\/revisions\/652"}],"wp:attachment":[{"href":"https:\/\/jajofo.de\/wordpress\/wp-json\/wp\/v2\/media?parent=651"}],"curies":[{"name":"wp","href":"https:\/\/api.w.org\/{rel}","templated":true}]}}